{"id":720,"date":"2024-11-05T11:56:49","date_gmt":"2024-11-05T10:56:49","guid":{"rendered":"https:\/\/www.vendee-camping-bellevue.com\/?post_type=hebergement&#038;p=720"},"modified":"2026-01-08T09:41:00","modified_gmt":"2026-01-08T08:41:00","slug":"toegankelijk-gamma-pmr-2bed-6pers","status":"publish","type":"hebergement","link":"https:\/\/www.vendee-camping-bellevue.com\/nl\/hebergement\/gamme-accessible-pmr-2ch-6pers\/","title":{"rendered":"Toegankelijk PMR-gamma - 2 slaapkamers - 6 personen"},"content":{"rendered":"\n<div class=\"wp-block-stackable-columns stk-block-columns stk-block stk-3907c8d\" data-block-id=\"3907c8d\"><style>.stk-3907c8d .stk--block-align-3907c8d{align-items:center !important;}.stk-3907c8d {margin-bottom:50px !important;margin-left:-15px !important;}.stk-3907c8d-column{--stk-column-gap:35px !important;}<\/style><div class=\"stk-row stk-inner-blocks stk--block-align-3907c8d stk-block-content stk-content-align stk-3907c8d-column\">\n<div class=\"wp-block-stackable-column stk-block-column stk-column stk-block stk-8961976\" data-v=\"4\" data-block-id=\"8961976\"><style>.stk-8961976 {align-self:flex-start !important;}.stk-8961976-inner-blocks{justify-content:flex-start !important;}<\/style><div class=\"stk-column-wrapper stk-block-column__content stk-container stk-8961976-container stk--no-background stk--no-padding\"><div class=\"stk--column-flex stk-block-content stk-inner-blocks stk-8961976-inner-blocks\">\n<div class=\"wp-block-stackable-columns alignwide stk-block-columns stk-block stk-a99be31\" data-block-id=\"a99be31\"><div class=\"stk-row stk-inner-blocks stk-block-content stk-content-align stk-a99be31-column alignwide\">\n<div class=\"wp-block-stackable-column stk-block-column stk-column stk-block stk-bde63d1 stk-block-background\" data-v=\"4\" data-block-id=\"bde63d1\"><style>.stk-bde63d1 {background-color:#f5e4db !important;border-top-left-radius:50px !important;border-top-right-radius:50px !important;border-bottom-right-radius:50px !important;border-bottom-left-radius:50px !important;overflow:hidden !important;}.stk-bde63d1:before{background-color:#f5e4db !important;}<\/style><div class=\"stk-column-wrapper stk-block-column__content stk-container stk-bde63d1-container stk--no-background stk--no-padding\"><div class=\"stk-block-content stk-inner-blocks stk-bde63d1-inner-blocks\">\n<div class=\"wp-block-stackable-heading stk-block-heading stk-block-heading--v2 stk-block stk-72d5a6e\" id=\"photos\" data-block-id=\"72d5a6e\"><style>.stk-72d5a6e {margin-top:50px !important;margin-bottom:50px !important;}<\/style><h2 class=\"stk-block-heading__text has-text-align-center\">Photos de l&rsquo;h\u00e9bergement<\/h2><\/div>\n\n\n<div class=\"wp-block-visual-portfolio alignwide\">\n<div class=\"vp-portfolio vp-uid-5a84bb6c vp-id-2lkH0N\"\n\tdata-vp-layout=\"slider\" data-vp-content-source=\"images\" data-vp-items-style=\"default\" data-vp-items-click-action=\"popup_gallery\" data-vp-items-gap=\"10\" data-vp-items-gap-vertical=\"\" data-vp-pagination=\"load-more\" data-vp-next-page-url=\"\" data-vp-slider-effect=\"slide\" data-vp-slider-items-height=\"70%\" data-vp-slider-items-min-height=\"\" data-vp-slider-slides-per-view=\"1\" data-vp-slider-speed=\"0.3\" data-vp-slider-autoplay=\"6\" data-vp-slider-autoplay-hover-pause=\"false\" data-vp-slider-centered-slides=\"true\" data-vp-slider-loop=\"true\" data-vp-slider-free-mode=\"false\" data-vp-slider-free-mode-sticky=\"false\" data-vp-slider-arrows=\"true\" data-vp-slider-bullets=\"true\" data-vp-slider-bullets-dynamic=\"false\" data-vp-slider-mousewheel=\"false\" data-vp-slider-thumbnails=\"false\" >\n\t<div class=\"vp-portfolio__preloader-wrap\">\n\t\t<div class=\"vp-portfolio__preloader\">\n\t\t\t<img decoding=\"async\" loading=\"eager\" src=\"https:\/\/www.vendee-camping-bellevue.com\/wp-content\/plugins\/visual-portfolio\/assets\/images\/logo-dark.svg\" alt=\"Visual Portfolio, Posts &amp; Image Gallery for WordPress\" width=\"20\" height=\"20\" data-skip-lazy>\n\t\t<\/div>\n\t<\/div>\n\t\t<div class=\"vp-portfolio__items-wrap\">\n\t\t\t\n<div class=\"vp-portfolio__items vp-portfolio__items-style-default vp-portfolio__items-show-overlay-hover\">\n\n\t\t<div\t\tclass=\"vp-portfolio__item-wrap vp-portfolio__item-uid-bddfb929\" data-vp-filter=\"\" \t\t>\n\t\t\t<template class=\"vp-portfolio__item-popup\" style=\"display: none\" data-vp-popup-img=\"https:\/\/www.vendee-camping-bellevue.com\/wp-content\/uploads\/2024\/11\/Rampe-mobile-home-accessible-1.jpg\" data-vp-popup-img-srcset=\"https:\/\/www.vendee-camping-bellevue.com\/wp-content\/uploads\/2024\/11\/Rampe-mobile-home-accessible-1.jpg 768w, https:\/\/www.vendee-camping-bellevue.com\/wp-content\/uploads\/2024\/11\/Rampe-mobile-home-accessible-1-225x300.jpg 225w, https:\/\/www.vendee-camping-bellevue.com\/wp-content\/uploads\/2024\/11\/Rampe-mobile-home-accessible-1-500x667.jpg 500w\" data-vp-popup-img-size=\"768x1024\" data-vp-popup-md-img=\"https:\/\/www.vendee-camping-bellevue.com\/wp-content\/uploads\/2024\/11\/Rampe-mobile-home-accessible-1.jpg\" data-vp-popup-md-img-size=\"768x1024\" data-vp-popup-sm-img=\"https:\/\/www.vendee-camping-bellevue.com\/wp-content\/uploads\/2024\/11\/Rampe-mobile-home-accessible-1-500x667.jpg\" data-vp-popup-sm-img-size=\"500x667\">\n\t<\/template>\n\t\t\t\t\t\t<figure class=\"vp-portfolio__item\">\n\t\t\t\t\n<div class=\"vp-portfolio__item-img-wrap\">\n\t<div class=\"vp-portfolio__item-img\">\n\t\t\t<a\n\t\thref=\"https:\/\/www.vendee-camping-bellevue.com\/wp-content\/uploads\/2024\/11\/Rampe-mobile-home-accessible-1.jpg\"\n\t\taria-label=\"Open image\" \t>\n\t\n\t\t<noscript><img loading=\"lazy\" decoding=\"async\" width=\"768\" height=\"1024\" data-skip-lazy src=\"https:\/\/www.vendee-camping-bellevue.com\/wp-content\/uploads\/2024\/11\/Rampe-mobile-home-accessible-1.jpg\" class=\"wp-image-732\" alt=\"location vacances PMR vend\u00e9e\" srcset=\"https:\/\/www.vendee-camping-bellevue.com\/wp-content\/uploads\/2024\/11\/Rampe-mobile-home-accessible-1.jpg 768w, https:\/\/www.vendee-camping-bellevue.com\/wp-content\/uploads\/2024\/11\/Rampe-mobile-home-accessible-1-225x300.jpg 225w, https:\/\/www.vendee-camping-bellevue.com\/wp-content\/uploads\/2024\/11\/Rampe-mobile-home-accessible-1-500x667.jpg 500w\" sizes=\"auto, (max-width: 768px) 100vw, 768px\" \/><\/noscript><img fetchpriority=\"high\" decoding=\"async\" width=\"768\" height=\"1024\" src=\"https:\/\/www.vendee-camping-bellevue.com\/wp-content\/uploads\/2024\/11\/Rampe-mobile-home-accessible-1.jpg\" class=\"wp-image-732 vp-lazyload\" alt=\"location vacances PMR vend\u00e9e\" srcset=\"data:image\/svg+xml;base64,PHN2ZyB3aWR0aD0iNzY4IiBoZWlnaHQ9IjEwMjQiIHZpZXdCb3g9IjAgMCA3NjggMTAyNCIgZmlsbD0ibm9uZSIgeG1sbnM9Imh0dHA6Ly93d3cudzMub3JnLzIwMDAvc3ZnIj48L3N2Zz4=\" data-src=\"https:\/\/www.vendee-camping-bellevue.com\/wp-content\/uploads\/2024\/11\/Rampe-mobile-home-accessible-1.jpg\" data-srcset=\"https:\/\/www.vendee-camping-bellevue.com\/wp-content\/uploads\/2024\/11\/Rampe-mobile-home-accessible-1.jpg 768w, https:\/\/www.vendee-camping-bellevue.com\/wp-content\/uploads\/2024\/11\/Rampe-mobile-home-accessible-1-225x300.jpg 225w, https:\/\/www.vendee-camping-bellevue.com\/wp-content\/uploads\/2024\/11\/Rampe-mobile-home-accessible-1-500x667.jpg 500w\" data-sizes=\"auto\" loading=\"eager\">\n\t\t<div class=\"vp-portfolio__item-overlay\">\n\t\t\t\t\t<\/div>\n\n\t\t<\/a>\t<\/div>\n<\/div>\n\n\t\t\t<\/figure>\n\t\t\t\t\t<\/div>\n\t\t\n\t\t<div\t\tclass=\"vp-portfolio__item-wrap vp-portfolio__item-uid-9c6a8ff6\" data-vp-filter=\"\" \t\t>\n\t\t\t<template class=\"vp-portfolio__item-popup\" style=\"display: none\" data-vp-popup-img=\"https:\/\/www.vendee-camping-bellevue.com\/wp-content\/uploads\/2024\/11\/Mobil-home-accessible-Vendee9.jpg\" data-vp-popup-img-srcset=\"https:\/\/www.vendee-camping-bellevue.com\/wp-content\/uploads\/2024\/11\/Mobil-home-accessible-Vendee9.jpg 1024w, https:\/\/www.vendee-camping-bellevue.com\/wp-content\/uploads\/2024\/11\/Mobil-home-accessible-Vendee9-300x225.jpg 300w, https:\/\/www.vendee-camping-bellevue.com\/wp-content\/uploads\/2024\/11\/Mobil-home-accessible-Vendee9-768x576.jpg 768w, https:\/\/www.vendee-camping-bellevue.com\/wp-content\/uploads\/2024\/11\/Mobil-home-accessible-Vendee9-500x375.jpg 500w, https:\/\/www.vendee-camping-bellevue.com\/wp-content\/uploads\/2024\/11\/Mobil-home-accessible-Vendee9-800x600.jpg 800w\" data-vp-popup-img-size=\"1024x768\" data-vp-popup-md-img=\"https:\/\/www.vendee-camping-bellevue.com\/wp-content\/uploads\/2024\/11\/Mobil-home-accessible-Vendee9-800x600.jpg\" data-vp-popup-md-img-size=\"800x600\" data-vp-popup-sm-img=\"https:\/\/www.vendee-camping-bellevue.com\/wp-content\/uploads\/2024\/11\/Mobil-home-accessible-Vendee9-500x375.jpg\" data-vp-popup-sm-img-size=\"500x375\">\n\t<\/template>\n\t\t\t\t\t\t<figure class=\"vp-portfolio__item\">\n\t\t\t\t\n<div class=\"vp-portfolio__item-img-wrap\">\n\t<div class=\"vp-portfolio__item-img\">\n\t\t\t<a\n\t\thref=\"https:\/\/www.vendee-camping-bellevue.com\/wp-content\/uploads\/2024\/11\/Mobil-home-accessible-Vendee9.jpg\"\n\t\taria-label=\"Open image\" \t>\n\t\n\t\t<noscript><img loading=\"lazy\" decoding=\"async\" width=\"1024\" height=\"768\" data-skip-lazy src=\"https:\/\/www.vendee-camping-bellevue.com\/wp-content\/uploads\/2024\/11\/Mobil-home-accessible-Vendee9.jpg\" class=\"wp-image-731\" alt=\"location vacances PMR vend\u00e9e\" srcset=\"https:\/\/www.vendee-camping-bellevue.com\/wp-content\/uploads\/2024\/11\/Mobil-home-accessible-Vendee9.jpg 1024w, https:\/\/www.vendee-camping-bellevue.com\/wp-content\/uploads\/2024\/11\/Mobil-home-accessible-Vendee9-300x225.jpg 300w, https:\/\/www.vendee-camping-bellevue.com\/wp-content\/uploads\/2024\/11\/Mobil-home-accessible-Vendee9-768x576.jpg 768w, https:\/\/www.vendee-camping-bellevue.com\/wp-content\/uploads\/2024\/11\/Mobil-home-accessible-Vendee9-500x375.jpg 500w, https:\/\/www.vendee-camping-bellevue.com\/wp-content\/uploads\/2024\/11\/Mobil-home-accessible-Vendee9-800x600.jpg 800w\" sizes=\"auto, (max-width: 1024px) 100vw, 1024px\" \/><\/noscript><img decoding=\"async\" width=\"1024\" height=\"768\" src=\"https:\/\/www.vendee-camping-bellevue.com\/wp-content\/uploads\/2024\/11\/Mobil-home-accessible-Vendee9.jpg\" class=\"wp-image-731 vp-lazyload\" alt=\"location vacances PMR vend\u00e9e\" srcset=\"data:image\/svg+xml;base64,PHN2ZyB3aWR0aD0iMTAyNCIgaGVpZ2h0PSI3NjgiIHZpZXdCb3g9IjAgMCAxMDI0IDc2OCIgZmlsbD0ibm9uZSIgeG1sbnM9Imh0dHA6Ly93d3cudzMub3JnLzIwMDAvc3ZnIj48L3N2Zz4=\" data-src=\"https:\/\/www.vendee-camping-bellevue.com\/wp-content\/uploads\/2024\/11\/Mobil-home-accessible-Vendee9.jpg\" data-srcset=\"https:\/\/www.vendee-camping-bellevue.com\/wp-content\/uploads\/2024\/11\/Mobil-home-accessible-Vendee9.jpg 1024w, https:\/\/www.vendee-camping-bellevue.com\/wp-content\/uploads\/2024\/11\/Mobil-home-accessible-Vendee9-300x225.jpg 300w, https:\/\/www.vendee-camping-bellevue.com\/wp-content\/uploads\/2024\/11\/Mobil-home-accessible-Vendee9-768x576.jpg 768w, https:\/\/www.vendee-camping-bellevue.com\/wp-content\/uploads\/2024\/11\/Mobil-home-accessible-Vendee9-500x375.jpg 500w, https:\/\/www.vendee-camping-bellevue.com\/wp-content\/uploads\/2024\/11\/Mobil-home-accessible-Vendee9-800x600.jpg 800w\" data-sizes=\"auto\" loading=\"eager\">\n\t\t<div class=\"vp-portfolio__item-overlay\">\n\t\t\t\t\t<\/div>\n\n\t\t<\/a>\t<\/div>\n<\/div>\n\n\t\t\t<\/figure>\n\t\t\t\t\t<\/div>\n\t\t\n\t\t<div\t\tclass=\"vp-portfolio__item-wrap vp-portfolio__item-uid-f9d8108e\" data-vp-filter=\"\" \t\t>\n\t\t\t<template class=\"vp-portfolio__item-popup\" style=\"display: none\" data-vp-popup-img=\"https:\/\/www.vendee-camping-bellevue.com\/wp-content\/uploads\/2024\/11\/Mobil-home-accessible-Vendee8.jpg\" data-vp-popup-img-srcset=\"https:\/\/www.vendee-camping-bellevue.com\/wp-content\/uploads\/2024\/11\/Mobil-home-accessible-Vendee8.jpg 768w, https:\/\/www.vendee-camping-bellevue.com\/wp-content\/uploads\/2024\/11\/Mobil-home-accessible-Vendee8-225x300.jpg 225w, https:\/\/www.vendee-camping-bellevue.com\/wp-content\/uploads\/2024\/11\/Mobil-home-accessible-Vendee8-500x667.jpg 500w\" data-vp-popup-img-size=\"768x1024\" data-vp-popup-md-img=\"https:\/\/www.vendee-camping-bellevue.com\/wp-content\/uploads\/2024\/11\/Mobil-home-accessible-Vendee8.jpg\" data-vp-popup-md-img-size=\"768x1024\" data-vp-popup-sm-img=\"https:\/\/www.vendee-camping-bellevue.com\/wp-content\/uploads\/2024\/11\/Mobil-home-accessible-Vendee8-500x667.jpg\" data-vp-popup-sm-img-size=\"500x667\">\n\t<\/template>\n\t\t\t\t\t\t<figure class=\"vp-portfolio__item\">\n\t\t\t\t\n<div class=\"vp-portfolio__item-img-wrap\">\n\t<div class=\"vp-portfolio__item-img\">\n\t\t\t<a\n\t\thref=\"https:\/\/www.vendee-camping-bellevue.com\/wp-content\/uploads\/2024\/11\/Mobil-home-accessible-Vendee8.jpg\"\n\t\taria-label=\"Open image\" \t>\n\t\n\t\t<noscript><img loading=\"lazy\" decoding=\"async\" width=\"768\" height=\"1024\" data-skip-lazy src=\"https:\/\/www.vendee-camping-bellevue.com\/wp-content\/uploads\/2024\/11\/Mobil-home-accessible-Vendee8.jpg\" class=\"wp-image-730\" alt=\"location vacances PMR vend\u00e9e\" srcset=\"https:\/\/www.vendee-camping-bellevue.com\/wp-content\/uploads\/2024\/11\/Mobil-home-accessible-Vendee8.jpg 768w, https:\/\/www.vendee-camping-bellevue.com\/wp-content\/uploads\/2024\/11\/Mobil-home-accessible-Vendee8-225x300.jpg 225w, https:\/\/www.vendee-camping-bellevue.com\/wp-content\/uploads\/2024\/11\/Mobil-home-accessible-Vendee8-500x667.jpg 500w\" sizes=\"auto, (max-width: 768px) 100vw, 768px\" \/><\/noscript><img decoding=\"async\" width=\"768\" height=\"1024\" src=\"https:\/\/www.vendee-camping-bellevue.com\/wp-content\/uploads\/2024\/11\/Mobil-home-accessible-Vendee8.jpg\" class=\"wp-image-730 vp-lazyload\" alt=\"location vacances PMR vend\u00e9e\" srcset=\"data:image\/svg+xml;base64,PHN2ZyB3aWR0aD0iNzY4IiBoZWlnaHQ9IjEwMjQiIHZpZXdCb3g9IjAgMCA3NjggMTAyNCIgZmlsbD0ibm9uZSIgeG1sbnM9Imh0dHA6Ly93d3cudzMub3JnLzIwMDAvc3ZnIj48L3N2Zz4=\" data-src=\"https:\/\/www.vendee-camping-bellevue.com\/wp-content\/uploads\/2024\/11\/Mobil-home-accessible-Vendee8.jpg\" data-srcset=\"https:\/\/www.vendee-camping-bellevue.com\/wp-content\/uploads\/2024\/11\/Mobil-home-accessible-Vendee8.jpg 768w, https:\/\/www.vendee-camping-bellevue.com\/wp-content\/uploads\/2024\/11\/Mobil-home-accessible-Vendee8-225x300.jpg 225w, https:\/\/www.vendee-camping-bellevue.com\/wp-content\/uploads\/2024\/11\/Mobil-home-accessible-Vendee8-500x667.jpg 500w\" data-sizes=\"auto\" loading=\"eager\">\n\t\t<div class=\"vp-portfolio__item-overlay\">\n\t\t\t\t\t<\/div>\n\n\t\t<\/a>\t<\/div>\n<\/div>\n\n\t\t\t<\/figure>\n\t\t\t\t\t<\/div>\n\t\t\n\t\t<div\t\tclass=\"vp-portfolio__item-wrap vp-portfolio__item-uid-21a3fe0e\" data-vp-filter=\"\" \t\t>\n\t\t\t<template class=\"vp-portfolio__item-popup\" style=\"display: none\" data-vp-popup-img=\"https:\/\/www.vendee-camping-bellevue.com\/wp-content\/uploads\/2024\/11\/Mobil-home-accessible-Vendee5.jpg\" data-vp-popup-img-srcset=\"https:\/\/www.vendee-camping-bellevue.com\/wp-content\/uploads\/2024\/11\/Mobil-home-accessible-Vendee5.jpg 768w, https:\/\/www.vendee-camping-bellevue.com\/wp-content\/uploads\/2024\/11\/Mobil-home-accessible-Vendee5-225x300.jpg 225w, https:\/\/www.vendee-camping-bellevue.com\/wp-content\/uploads\/2024\/11\/Mobil-home-accessible-Vendee5-500x667.jpg 500w\" data-vp-popup-img-size=\"768x1024\" data-vp-popup-md-img=\"https:\/\/www.vendee-camping-bellevue.com\/wp-content\/uploads\/2024\/11\/Mobil-home-accessible-Vendee5.jpg\" data-vp-popup-md-img-size=\"768x1024\" data-vp-popup-sm-img=\"https:\/\/www.vendee-camping-bellevue.com\/wp-content\/uploads\/2024\/11\/Mobil-home-accessible-Vendee5-500x667.jpg\" data-vp-popup-sm-img-size=\"500x667\">\n\t<\/template>\n\t\t\t\t\t\t<figure class=\"vp-portfolio__item\">\n\t\t\t\t\n<div class=\"vp-portfolio__item-img-wrap\">\n\t<div class=\"vp-portfolio__item-img\">\n\t\t\t<a\n\t\thref=\"https:\/\/www.vendee-camping-bellevue.com\/wp-content\/uploads\/2024\/11\/Mobil-home-accessible-Vendee5.jpg\"\n\t\taria-label=\"Open image\" \t>\n\t\n\t\t<noscript><img loading=\"lazy\" decoding=\"async\" width=\"768\" height=\"1024\" data-skip-lazy src=\"https:\/\/www.vendee-camping-bellevue.com\/wp-content\/uploads\/2024\/11\/Mobil-home-accessible-Vendee5.jpg\" class=\"wp-image-729\" alt=\"location vacances PMR vend\u00e9e\" srcset=\"https:\/\/www.vendee-camping-bellevue.com\/wp-content\/uploads\/2024\/11\/Mobil-home-accessible-Vendee5.jpg 768w, https:\/\/www.vendee-camping-bellevue.com\/wp-content\/uploads\/2024\/11\/Mobil-home-accessible-Vendee5-225x300.jpg 225w, https:\/\/www.vendee-camping-bellevue.com\/wp-content\/uploads\/2024\/11\/Mobil-home-accessible-Vendee5-500x667.jpg 500w\" sizes=\"auto, (max-width: 768px) 100vw, 768px\" \/><\/noscript><img decoding=\"async\" width=\"768\" height=\"1024\" src=\"https:\/\/www.vendee-camping-bellevue.com\/wp-content\/uploads\/2024\/11\/Mobil-home-accessible-Vendee5.jpg\" class=\"wp-image-729 vp-lazyload\" alt=\"location vacances PMR vend\u00e9e\" srcset=\"data:image\/svg+xml;base64,PHN2ZyB3aWR0aD0iNzY4IiBoZWlnaHQ9IjEwMjQiIHZpZXdCb3g9IjAgMCA3NjggMTAyNCIgZmlsbD0ibm9uZSIgeG1sbnM9Imh0dHA6Ly93d3cudzMub3JnLzIwMDAvc3ZnIj48L3N2Zz4=\" data-src=\"https:\/\/www.vendee-camping-bellevue.com\/wp-content\/uploads\/2024\/11\/Mobil-home-accessible-Vendee5.jpg\" data-srcset=\"https:\/\/www.vendee-camping-bellevue.com\/wp-content\/uploads\/2024\/11\/Mobil-home-accessible-Vendee5.jpg 768w, https:\/\/www.vendee-camping-bellevue.com\/wp-content\/uploads\/2024\/11\/Mobil-home-accessible-Vendee5-225x300.jpg 225w, https:\/\/www.vendee-camping-bellevue.com\/wp-content\/uploads\/2024\/11\/Mobil-home-accessible-Vendee5-500x667.jpg 500w\" data-sizes=\"auto\" loading=\"eager\">\n\t\t<div class=\"vp-portfolio__item-overlay\">\n\t\t\t\t\t<\/div>\n\n\t\t<\/a>\t<\/div>\n<\/div>\n\n\t\t\t<\/figure>\n\t\t\t\t\t<\/div>\n\t\t\n\t\t<div\t\tclass=\"vp-portfolio__item-wrap vp-portfolio__item-uid-cb73f621\" data-vp-filter=\"\" \t\t>\n\t\t\t<template class=\"vp-portfolio__item-popup\" style=\"display: none\" data-vp-popup-img=\"https:\/\/www.vendee-camping-bellevue.com\/wp-content\/uploads\/2024\/11\/Mobil-home-accessible-Vendee4.jpg\" data-vp-popup-img-srcset=\"https:\/\/www.vendee-camping-bellevue.com\/wp-content\/uploads\/2024\/11\/Mobil-home-accessible-Vendee4.jpg 1024w, https:\/\/www.vendee-camping-bellevue.com\/wp-content\/uploads\/2024\/11\/Mobil-home-accessible-Vendee4-300x225.jpg 300w, https:\/\/www.vendee-camping-bellevue.com\/wp-content\/uploads\/2024\/11\/Mobil-home-accessible-Vendee4-768x576.jpg 768w, https:\/\/www.vendee-camping-bellevue.com\/wp-content\/uploads\/2024\/11\/Mobil-home-accessible-Vendee4-500x375.jpg 500w, https:\/\/www.vendee-camping-bellevue.com\/wp-content\/uploads\/2024\/11\/Mobil-home-accessible-Vendee4-800x600.jpg 800w\" data-vp-popup-img-size=\"1024x768\" data-vp-popup-md-img=\"https:\/\/www.vendee-camping-bellevue.com\/wp-content\/uploads\/2024\/11\/Mobil-home-accessible-Vendee4-800x600.jpg\" data-vp-popup-md-img-size=\"800x600\" data-vp-popup-sm-img=\"https:\/\/www.vendee-camping-bellevue.com\/wp-content\/uploads\/2024\/11\/Mobil-home-accessible-Vendee4-500x375.jpg\" data-vp-popup-sm-img-size=\"500x375\">\n\t<\/template>\n\t\t\t\t\t\t<figure class=\"vp-portfolio__item\">\n\t\t\t\t\n<div class=\"vp-portfolio__item-img-wrap\">\n\t<div class=\"vp-portfolio__item-img\">\n\t\t\t<a\n\t\thref=\"https:\/\/www.vendee-camping-bellevue.com\/wp-content\/uploads\/2024\/11\/Mobil-home-accessible-Vendee4.jpg\"\n\t\taria-label=\"Open image\" \t>\n\t\n\t\t<noscript><img loading=\"lazy\" decoding=\"async\" width=\"1024\" height=\"768\" data-skip-lazy src=\"https:\/\/www.vendee-camping-bellevue.com\/wp-content\/uploads\/2024\/11\/Mobil-home-accessible-Vendee4.jpg\" class=\"wp-image-728\" alt=\"location vacances PMR vend\u00e9e\" srcset=\"https:\/\/www.vendee-camping-bellevue.com\/wp-content\/uploads\/2024\/11\/Mobil-home-accessible-Vendee4.jpg 1024w, https:\/\/www.vendee-camping-bellevue.com\/wp-content\/uploads\/2024\/11\/Mobil-home-accessible-Vendee4-300x225.jpg 300w, https:\/\/www.vendee-camping-bellevue.com\/wp-content\/uploads\/2024\/11\/Mobil-home-accessible-Vendee4-768x576.jpg 768w, https:\/\/www.vendee-camping-bellevue.com\/wp-content\/uploads\/2024\/11\/Mobil-home-accessible-Vendee4-500x375.jpg 500w, https:\/\/www.vendee-camping-bellevue.com\/wp-content\/uploads\/2024\/11\/Mobil-home-accessible-Vendee4-800x600.jpg 800w\" sizes=\"auto, (max-width: 1024px) 100vw, 1024px\" \/><\/noscript><img decoding=\"async\" width=\"1024\" height=\"768\" src=\"https:\/\/www.vendee-camping-bellevue.com\/wp-content\/uploads\/2024\/11\/Mobil-home-accessible-Vendee4.jpg\" class=\"wp-image-728 vp-lazyload\" alt=\"location vacances PMR vend\u00e9e\" srcset=\"data:image\/svg+xml;base64,PHN2ZyB3aWR0aD0iMTAyNCIgaGVpZ2h0PSI3NjgiIHZpZXdCb3g9IjAgMCAxMDI0IDc2OCIgZmlsbD0ibm9uZSIgeG1sbnM9Imh0dHA6Ly93d3cudzMub3JnLzIwMDAvc3ZnIj48L3N2Zz4=\" data-src=\"https:\/\/www.vendee-camping-bellevue.com\/wp-content\/uploads\/2024\/11\/Mobil-home-accessible-Vendee4.jpg\" data-srcset=\"https:\/\/www.vendee-camping-bellevue.com\/wp-content\/uploads\/2024\/11\/Mobil-home-accessible-Vendee4.jpg 1024w, https:\/\/www.vendee-camping-bellevue.com\/wp-content\/uploads\/2024\/11\/Mobil-home-accessible-Vendee4-300x225.jpg 300w, https:\/\/www.vendee-camping-bellevue.com\/wp-content\/uploads\/2024\/11\/Mobil-home-accessible-Vendee4-768x576.jpg 768w, https:\/\/www.vendee-camping-bellevue.com\/wp-content\/uploads\/2024\/11\/Mobil-home-accessible-Vendee4-500x375.jpg 500w, https:\/\/www.vendee-camping-bellevue.com\/wp-content\/uploads\/2024\/11\/Mobil-home-accessible-Vendee4-800x600.jpg 800w\" data-sizes=\"auto\" loading=\"eager\">\n\t\t<div class=\"vp-portfolio__item-overlay\">\n\t\t\t\t\t<\/div>\n\n\t\t<\/a>\t<\/div>\n<\/div>\n\n\t\t\t<\/figure>\n\t\t\t\t\t<\/div>\n\t\t\n\t\t<div\t\tclass=\"vp-portfolio__item-wrap vp-portfolio__item-uid-e3708cd5\" data-vp-filter=\"\" \t\t>\n\t\t\t<template class=\"vp-portfolio__item-popup\" style=\"display: none\" data-vp-popup-img=\"https:\/\/www.vendee-camping-bellevue.com\/wp-content\/uploads\/2024\/11\/Mobil-home-accessible-cuisine.jpg\" data-vp-popup-img-srcset=\"https:\/\/www.vendee-camping-bellevue.com\/wp-content\/uploads\/2024\/11\/Mobil-home-accessible-cuisine.jpg 1024w, https:\/\/www.vendee-camping-bellevue.com\/wp-content\/uploads\/2024\/11\/Mobil-home-accessible-cuisine-300x225.jpg 300w, https:\/\/www.vendee-camping-bellevue.com\/wp-content\/uploads\/2024\/11\/Mobil-home-accessible-cuisine-768x576.jpg 768w, https:\/\/www.vendee-camping-bellevue.com\/wp-content\/uploads\/2024\/11\/Mobil-home-accessible-cuisine-500x375.jpg 500w, https:\/\/www.vendee-camping-bellevue.com\/wp-content\/uploads\/2024\/11\/Mobil-home-accessible-cuisine-800x600.jpg 800w\" data-vp-popup-img-size=\"1024x768\" data-vp-popup-md-img=\"https:\/\/www.vendee-camping-bellevue.com\/wp-content\/uploads\/2024\/11\/Mobil-home-accessible-cuisine-800x600.jpg\" data-vp-popup-md-img-size=\"800x600\" data-vp-popup-sm-img=\"https:\/\/www.vendee-camping-bellevue.com\/wp-content\/uploads\/2024\/11\/Mobil-home-accessible-cuisine-500x375.jpg\" data-vp-popup-sm-img-size=\"500x375\">\n\t<\/template>\n\t\t\t\t\t\t<figure class=\"vp-portfolio__item\">\n\t\t\t\t\n<div class=\"vp-portfolio__item-img-wrap\">\n\t<div class=\"vp-portfolio__item-img\">\n\t\t\t<a\n\t\thref=\"https:\/\/www.vendee-camping-bellevue.com\/wp-content\/uploads\/2024\/11\/Mobil-home-accessible-cuisine.jpg\"\n\t\taria-label=\"Open image\" \t>\n\t\n\t\t<noscript><img loading=\"lazy\" decoding=\"async\" width=\"1024\" height=\"768\" data-skip-lazy src=\"https:\/\/www.vendee-camping-bellevue.com\/wp-content\/uploads\/2024\/11\/Mobil-home-accessible-cuisine.jpg\" class=\"wp-image-727\" alt=\"location vacances PMR vend\u00e9e\" srcset=\"https:\/\/www.vendee-camping-bellevue.com\/wp-content\/uploads\/2024\/11\/Mobil-home-accessible-cuisine.jpg 1024w, https:\/\/www.vendee-camping-bellevue.com\/wp-content\/uploads\/2024\/11\/Mobil-home-accessible-cuisine-300x225.jpg 300w, https:\/\/www.vendee-camping-bellevue.com\/wp-content\/uploads\/2024\/11\/Mobil-home-accessible-cuisine-768x576.jpg 768w, https:\/\/www.vendee-camping-bellevue.com\/wp-content\/uploads\/2024\/11\/Mobil-home-accessible-cuisine-500x375.jpg 500w, https:\/\/www.vendee-camping-bellevue.com\/wp-content\/uploads\/2024\/11\/Mobil-home-accessible-cuisine-800x600.jpg 800w\" sizes=\"auto, (max-width: 1024px) 100vw, 1024px\" \/><\/noscript><img decoding=\"async\" width=\"1024\" height=\"768\" src=\"https:\/\/www.vendee-camping-bellevue.com\/wp-content\/uploads\/2024\/11\/Mobil-home-accessible-cuisine.jpg\" class=\"wp-image-727 vp-lazyload\" alt=\"location vacances PMR vend\u00e9e\" srcset=\"data:image\/svg+xml;base64,PHN2ZyB3aWR0aD0iMTAyNCIgaGVpZ2h0PSI3NjgiIHZpZXdCb3g9IjAgMCAxMDI0IDc2OCIgZmlsbD0ibm9uZSIgeG1sbnM9Imh0dHA6Ly93d3cudzMub3JnLzIwMDAvc3ZnIj48L3N2Zz4=\" data-src=\"https:\/\/www.vendee-camping-bellevue.com\/wp-content\/uploads\/2024\/11\/Mobil-home-accessible-cuisine.jpg\" data-srcset=\"https:\/\/www.vendee-camping-bellevue.com\/wp-content\/uploads\/2024\/11\/Mobil-home-accessible-cuisine.jpg 1024w, https:\/\/www.vendee-camping-bellevue.com\/wp-content\/uploads\/2024\/11\/Mobil-home-accessible-cuisine-300x225.jpg 300w, https:\/\/www.vendee-camping-bellevue.com\/wp-content\/uploads\/2024\/11\/Mobil-home-accessible-cuisine-768x576.jpg 768w, https:\/\/www.vendee-camping-bellevue.com\/wp-content\/uploads\/2024\/11\/Mobil-home-accessible-cuisine-500x375.jpg 500w, https:\/\/www.vendee-camping-bellevue.com\/wp-content\/uploads\/2024\/11\/Mobil-home-accessible-cuisine-800x600.jpg 800w\" data-sizes=\"auto\" loading=\"eager\">\n\t\t<div class=\"vp-portfolio__item-overlay\">\n\t\t\t\t\t<\/div>\n\n\t\t<\/a>\t<\/div>\n<\/div>\n\n\t\t\t<\/figure>\n\t\t\t\t\t<\/div>\n\t\t\n\t\t<div\t\tclass=\"vp-portfolio__item-wrap vp-portfolio__item-uid-86c213ad\" data-vp-filter=\"\" \t\t>\n\t\t\t<template class=\"vp-portfolio__item-popup\" style=\"display: none\" data-vp-popup-img=\"https:\/\/www.vendee-camping-bellevue.com\/wp-content\/uploads\/2024\/11\/Mobil-home-accessible-chambre-enfant.jpg\" data-vp-popup-img-srcset=\"https:\/\/www.vendee-camping-bellevue.com\/wp-content\/uploads\/2024\/11\/Mobil-home-accessible-chambre-enfant.jpg 1024w, https:\/\/www.vendee-camping-bellevue.com\/wp-content\/uploads\/2024\/11\/Mobil-home-accessible-chambre-enfant-300x225.jpg 300w, https:\/\/www.vendee-camping-bellevue.com\/wp-content\/uploads\/2024\/11\/Mobil-home-accessible-chambre-enfant-768x576.jpg 768w, https:\/\/www.vendee-camping-bellevue.com\/wp-content\/uploads\/2024\/11\/Mobil-home-accessible-chambre-enfant-500x375.jpg 500w, https:\/\/www.vendee-camping-bellevue.com\/wp-content\/uploads\/2024\/11\/Mobil-home-accessible-chambre-enfant-800x600.jpg 800w\" data-vp-popup-img-size=\"1024x768\" data-vp-popup-md-img=\"https:\/\/www.vendee-camping-bellevue.com\/wp-content\/uploads\/2024\/11\/Mobil-home-accessible-chambre-enfant-800x600.jpg\" data-vp-popup-md-img-size=\"800x600\" data-vp-popup-sm-img=\"https:\/\/www.vendee-camping-bellevue.com\/wp-content\/uploads\/2024\/11\/Mobil-home-accessible-chambre-enfant-500x375.jpg\" data-vp-popup-sm-img-size=\"500x375\">\n\t<\/template>\n\t\t\t\t\t\t<figure class=\"vp-portfolio__item\">\n\t\t\t\t\n<div class=\"vp-portfolio__item-img-wrap\">\n\t<div class=\"vp-portfolio__item-img\">\n\t\t\t<a\n\t\thref=\"https:\/\/www.vendee-camping-bellevue.com\/wp-content\/uploads\/2024\/11\/Mobil-home-accessible-chambre-enfant.jpg\"\n\t\taria-label=\"Open image\" \t>\n\t\n\t\t<noscript><img loading=\"lazy\" decoding=\"async\" width=\"1024\" height=\"768\" data-skip-lazy src=\"https:\/\/www.vendee-camping-bellevue.com\/wp-content\/uploads\/2024\/11\/Mobil-home-accessible-chambre-enfant.jpg\" class=\"wp-image-726\" alt=\"location vacances PMR vend\u00e9e\" srcset=\"https:\/\/www.vendee-camping-bellevue.com\/wp-content\/uploads\/2024\/11\/Mobil-home-accessible-chambre-enfant.jpg 1024w, https:\/\/www.vendee-camping-bellevue.com\/wp-content\/uploads\/2024\/11\/Mobil-home-accessible-chambre-enfant-300x225.jpg 300w, https:\/\/www.vendee-camping-bellevue.com\/wp-content\/uploads\/2024\/11\/Mobil-home-accessible-chambre-enfant-768x576.jpg 768w, https:\/\/www.vendee-camping-bellevue.com\/wp-content\/uploads\/2024\/11\/Mobil-home-accessible-chambre-enfant-500x375.jpg 500w, https:\/\/www.vendee-camping-bellevue.com\/wp-content\/uploads\/2024\/11\/Mobil-home-accessible-chambre-enfant-800x600.jpg 800w\" sizes=\"auto, (max-width: 1024px) 100vw, 1024px\" \/><\/noscript><img decoding=\"async\" width=\"1024\" height=\"768\" src=\"https:\/\/www.vendee-camping-bellevue.com\/wp-content\/uploads\/2024\/11\/Mobil-home-accessible-chambre-enfant.jpg\" class=\"wp-image-726 vp-lazyload\" alt=\"location vacances PMR vend\u00e9e\" srcset=\"data:image\/svg+xml;base64,PHN2ZyB3aWR0aD0iMTAyNCIgaGVpZ2h0PSI3NjgiIHZpZXdCb3g9IjAgMCAxMDI0IDc2OCIgZmlsbD0ibm9uZSIgeG1sbnM9Imh0dHA6Ly93d3cudzMub3JnLzIwMDAvc3ZnIj48L3N2Zz4=\" data-src=\"https:\/\/www.vendee-camping-bellevue.com\/wp-content\/uploads\/2024\/11\/Mobil-home-accessible-chambre-enfant.jpg\" data-srcset=\"https:\/\/www.vendee-camping-bellevue.com\/wp-content\/uploads\/2024\/11\/Mobil-home-accessible-chambre-enfant.jpg 1024w, https:\/\/www.vendee-camping-bellevue.com\/wp-content\/uploads\/2024\/11\/Mobil-home-accessible-chambre-enfant-300x225.jpg 300w, https:\/\/www.vendee-camping-bellevue.com\/wp-content\/uploads\/2024\/11\/Mobil-home-accessible-chambre-enfant-768x576.jpg 768w, https:\/\/www.vendee-camping-bellevue.com\/wp-content\/uploads\/2024\/11\/Mobil-home-accessible-chambre-enfant-500x375.jpg 500w, https:\/\/www.vendee-camping-bellevue.com\/wp-content\/uploads\/2024\/11\/Mobil-home-accessible-chambre-enfant-800x600.jpg 800w\" data-sizes=\"auto\" loading=\"eager\">\n\t\t<div class=\"vp-portfolio__item-overlay\">\n\t\t\t\t\t<\/div>\n\n\t\t<\/a>\t<\/div>\n<\/div>\n\n\t\t\t<\/figure>\n\t\t\t\t\t<\/div>\n\t\t\n\t\t<div\t\tclass=\"vp-portfolio__item-wrap vp-portfolio__item-uid-a7772572\" data-vp-filter=\"\" \t\t>\n\t\t\t<template class=\"vp-portfolio__item-popup\" style=\"display: none\" data-vp-popup-img=\"https:\/\/www.vendee-camping-bellevue.com\/wp-content\/uploads\/2024\/11\/IMG_4268.jpg\" data-vp-popup-img-srcset=\"https:\/\/www.vendee-camping-bellevue.com\/wp-content\/uploads\/2024\/11\/IMG_4268.jpg 1024w, https:\/\/www.vendee-camping-bellevue.com\/wp-content\/uploads\/2024\/11\/IMG_4268-300x225.jpg 300w, https:\/\/www.vendee-camping-bellevue.com\/wp-content\/uploads\/2024\/11\/IMG_4268-768x576.jpg 768w, https:\/\/www.vendee-camping-bellevue.com\/wp-content\/uploads\/2024\/11\/IMG_4268-500x375.jpg 500w, https:\/\/www.vendee-camping-bellevue.com\/wp-content\/uploads\/2024\/11\/IMG_4268-800x600.jpg 800w\" data-vp-popup-img-size=\"1024x768\" data-vp-popup-md-img=\"https:\/\/www.vendee-camping-bellevue.com\/wp-content\/uploads\/2024\/11\/IMG_4268-800x600.jpg\" data-vp-popup-md-img-size=\"800x600\" data-vp-popup-sm-img=\"https:\/\/www.vendee-camping-bellevue.com\/wp-content\/uploads\/2024\/11\/IMG_4268-500x375.jpg\" data-vp-popup-sm-img-size=\"500x375\">\n\t<\/template>\n\t\t\t\t\t\t<figure class=\"vp-portfolio__item\">\n\t\t\t\t\n<div class=\"vp-portfolio__item-img-wrap\">\n\t<div class=\"vp-portfolio__item-img\">\n\t\t\t<a\n\t\thref=\"https:\/\/www.vendee-camping-bellevue.com\/wp-content\/uploads\/2024\/11\/IMG_4268.jpg\"\n\t\taria-label=\"Open image\" \t>\n\t\n\t\t<noscript><img loading=\"lazy\" decoding=\"async\" width=\"1024\" height=\"768\" data-skip-lazy src=\"https:\/\/www.vendee-camping-bellevue.com\/wp-content\/uploads\/2024\/11\/IMG_4268.jpg\" class=\"wp-image-725\" alt=\"location vacances PMR vend\u00e9e\" srcset=\"https:\/\/www.vendee-camping-bellevue.com\/wp-content\/uploads\/2024\/11\/IMG_4268.jpg 1024w, https:\/\/www.vendee-camping-bellevue.com\/wp-content\/uploads\/2024\/11\/IMG_4268-300x225.jpg 300w, https:\/\/www.vendee-camping-bellevue.com\/wp-content\/uploads\/2024\/11\/IMG_4268-768x576.jpg 768w, https:\/\/www.vendee-camping-bellevue.com\/wp-content\/uploads\/2024\/11\/IMG_4268-500x375.jpg 500w, https:\/\/www.vendee-camping-bellevue.com\/wp-content\/uploads\/2024\/11\/IMG_4268-800x600.jpg 800w\" sizes=\"auto, (max-width: 1024px) 100vw, 1024px\" \/><\/noscript><img decoding=\"async\" width=\"1024\" height=\"768\" src=\"https:\/\/www.vendee-camping-bellevue.com\/wp-content\/uploads\/2024\/11\/IMG_4268.jpg\" class=\"wp-image-725 vp-lazyload\" alt=\"location vacances PMR vend\u00e9e\" srcset=\"data:image\/svg+xml;base64,PHN2ZyB3aWR0aD0iMTAyNCIgaGVpZ2h0PSI3NjgiIHZpZXdCb3g9IjAgMCAxMDI0IDc2OCIgZmlsbD0ibm9uZSIgeG1sbnM9Imh0dHA6Ly93d3cudzMub3JnLzIwMDAvc3ZnIj48L3N2Zz4=\" data-src=\"https:\/\/www.vendee-camping-bellevue.com\/wp-content\/uploads\/2024\/11\/IMG_4268.jpg\" data-srcset=\"https:\/\/www.vendee-camping-bellevue.com\/wp-content\/uploads\/2024\/11\/IMG_4268.jpg 1024w, https:\/\/www.vendee-camping-bellevue.com\/wp-content\/uploads\/2024\/11\/IMG_4268-300x225.jpg 300w, https:\/\/www.vendee-camping-bellevue.com\/wp-content\/uploads\/2024\/11\/IMG_4268-768x576.jpg 768w, https:\/\/www.vendee-camping-bellevue.com\/wp-content\/uploads\/2024\/11\/IMG_4268-500x375.jpg 500w, https:\/\/www.vendee-camping-bellevue.com\/wp-content\/uploads\/2024\/11\/IMG_4268-800x600.jpg 800w\" data-sizes=\"auto\" loading=\"eager\">\n\t\t<div class=\"vp-portfolio__item-overlay\">\n\t\t\t\t\t<\/div>\n\n\t\t<\/a>\t<\/div>\n<\/div>\n\n\t\t\t<\/figure>\n\t\t\t\t\t<\/div>\n\t\t\n\t\t<div\t\tclass=\"vp-portfolio__item-wrap vp-portfolio__item-uid-881305b2\" data-vp-filter=\"\" \t\t>\n\t\t\t<template class=\"vp-portfolio__item-popup\" style=\"display: none\" data-vp-popup-img=\"https:\/\/www.vendee-camping-bellevue.com\/wp-content\/uploads\/2024\/11\/IMG_4266.jpg\" data-vp-popup-img-srcset=\"https:\/\/www.vendee-camping-bellevue.com\/wp-content\/uploads\/2024\/11\/IMG_4266.jpg 1024w, https:\/\/www.vendee-camping-bellevue.com\/wp-content\/uploads\/2024\/11\/IMG_4266-300x225.jpg 300w, https:\/\/www.vendee-camping-bellevue.com\/wp-content\/uploads\/2024\/11\/IMG_4266-768x576.jpg 768w, https:\/\/www.vendee-camping-bellevue.com\/wp-content\/uploads\/2024\/11\/IMG_4266-500x375.jpg 500w, https:\/\/www.vendee-camping-bellevue.com\/wp-content\/uploads\/2024\/11\/IMG_4266-800x600.jpg 800w\" data-vp-popup-img-size=\"1024x768\" data-vp-popup-md-img=\"https:\/\/www.vendee-camping-bellevue.com\/wp-content\/uploads\/2024\/11\/IMG_4266-800x600.jpg\" data-vp-popup-md-img-size=\"800x600\" data-vp-popup-sm-img=\"https:\/\/www.vendee-camping-bellevue.com\/wp-content\/uploads\/2024\/11\/IMG_4266-500x375.jpg\" data-vp-popup-sm-img-size=\"500x375\">\n\t<\/template>\n\t\t\t\t\t\t<figure class=\"vp-portfolio__item\">\n\t\t\t\t\n<div class=\"vp-portfolio__item-img-wrap\">\n\t<div class=\"vp-portfolio__item-img\">\n\t\t\t<a\n\t\thref=\"https:\/\/www.vendee-camping-bellevue.com\/wp-content\/uploads\/2024\/11\/IMG_4266.jpg\"\n\t\taria-label=\"Open image\" \t>\n\t\n\t\t<noscript><img loading=\"lazy\" decoding=\"async\" width=\"1024\" height=\"768\" data-skip-lazy src=\"https:\/\/www.vendee-camping-bellevue.com\/wp-content\/uploads\/2024\/11\/IMG_4266.jpg\" class=\"wp-image-724\" alt=\"location vacances PMR vend\u00e9e\" srcset=\"https:\/\/www.vendee-camping-bellevue.com\/wp-content\/uploads\/2024\/11\/IMG_4266.jpg 1024w, https:\/\/www.vendee-camping-bellevue.com\/wp-content\/uploads\/2024\/11\/IMG_4266-300x225.jpg 300w, https:\/\/www.vendee-camping-bellevue.com\/wp-content\/uploads\/2024\/11\/IMG_4266-768x576.jpg 768w, https:\/\/www.vendee-camping-bellevue.com\/wp-content\/uploads\/2024\/11\/IMG_4266-500x375.jpg 500w, https:\/\/www.vendee-camping-bellevue.com\/wp-content\/uploads\/2024\/11\/IMG_4266-800x600.jpg 800w\" sizes=\"auto, (max-width: 1024px) 100vw, 1024px\" \/><\/noscript><img decoding=\"async\" width=\"1024\" height=\"768\" src=\"https:\/\/www.vendee-camping-bellevue.com\/wp-content\/uploads\/2024\/11\/IMG_4266.jpg\" class=\"wp-image-724 vp-lazyload\" alt=\"location vacances PMR vend\u00e9e\" srcset=\"data:image\/svg+xml;base64,PHN2ZyB3aWR0aD0iMTAyNCIgaGVpZ2h0PSI3NjgiIHZpZXdCb3g9IjAgMCAxMDI0IDc2OCIgZmlsbD0ibm9uZSIgeG1sbnM9Imh0dHA6Ly93d3cudzMub3JnLzIwMDAvc3ZnIj48L3N2Zz4=\" data-src=\"https:\/\/www.vendee-camping-bellevue.com\/wp-content\/uploads\/2024\/11\/IMG_4266.jpg\" data-srcset=\"https:\/\/www.vendee-camping-bellevue.com\/wp-content\/uploads\/2024\/11\/IMG_4266.jpg 1024w, https:\/\/www.vendee-camping-bellevue.com\/wp-content\/uploads\/2024\/11\/IMG_4266-300x225.jpg 300w, https:\/\/www.vendee-camping-bellevue.com\/wp-content\/uploads\/2024\/11\/IMG_4266-768x576.jpg 768w, https:\/\/www.vendee-camping-bellevue.com\/wp-content\/uploads\/2024\/11\/IMG_4266-500x375.jpg 500w, https:\/\/www.vendee-camping-bellevue.com\/wp-content\/uploads\/2024\/11\/IMG_4266-800x600.jpg 800w\" data-sizes=\"auto\" loading=\"eager\">\n\t\t<div class=\"vp-portfolio__item-overlay\">\n\t\t\t\t\t<\/div>\n\n\t\t<\/a>\t<\/div>\n<\/div>\n\n\t\t\t<\/figure>\n\t\t\t\t\t<\/div>\n\t\t\n\t\t<div\t\tclass=\"vp-portfolio__item-wrap vp-portfolio__item-uid-aecbf774\" data-vp-filter=\"\" \t\t>\n\t\t\t<template class=\"vp-portfolio__item-popup\" style=\"display: none\" data-vp-popup-img=\"https:\/\/www.vendee-camping-bellevue.com\/wp-content\/uploads\/2024\/11\/IMG_4261.jpg\" data-vp-popup-img-srcset=\"https:\/\/www.vendee-camping-bellevue.com\/wp-content\/uploads\/2024\/11\/IMG_4261.jpg 1024w, https:\/\/www.vendee-camping-bellevue.com\/wp-content\/uploads\/2024\/11\/IMG_4261-300x225.jpg 300w, https:\/\/www.vendee-camping-bellevue.com\/wp-content\/uploads\/2024\/11\/IMG_4261-768x576.jpg 768w, https:\/\/www.vendee-camping-bellevue.com\/wp-content\/uploads\/2024\/11\/IMG_4261-500x375.jpg 500w, https:\/\/www.vendee-camping-bellevue.com\/wp-content\/uploads\/2024\/11\/IMG_4261-800x600.jpg 800w\" data-vp-popup-img-size=\"1024x768\" data-vp-popup-md-img=\"https:\/\/www.vendee-camping-bellevue.com\/wp-content\/uploads\/2024\/11\/IMG_4261-800x600.jpg\" data-vp-popup-md-img-size=\"800x600\" data-vp-popup-sm-img=\"https:\/\/www.vendee-camping-bellevue.com\/wp-content\/uploads\/2024\/11\/IMG_4261-500x375.jpg\" data-vp-popup-sm-img-size=\"500x375\">\n\t<\/template>\n\t\t\t\t\t\t<figure class=\"vp-portfolio__item\">\n\t\t\t\t\n<div class=\"vp-portfolio__item-img-wrap\">\n\t<div class=\"vp-portfolio__item-img\">\n\t\t\t<a\n\t\thref=\"https:\/\/www.vendee-camping-bellevue.com\/wp-content\/uploads\/2024\/11\/IMG_4261.jpg\"\n\t\taria-label=\"Open image\" \t>\n\t\n\t\t<noscript><img loading=\"lazy\" decoding=\"async\" width=\"1024\" height=\"768\" data-skip-lazy src=\"https:\/\/www.vendee-camping-bellevue.com\/wp-content\/uploads\/2024\/11\/IMG_4261.jpg\" class=\"wp-image-723\" alt=\"location vacances PMR vend\u00e9e\" srcset=\"https:\/\/www.vendee-camping-bellevue.com\/wp-content\/uploads\/2024\/11\/IMG_4261.jpg 1024w, https:\/\/www.vendee-camping-bellevue.com\/wp-content\/uploads\/2024\/11\/IMG_4261-300x225.jpg 300w, https:\/\/www.vendee-camping-bellevue.com\/wp-content\/uploads\/2024\/11\/IMG_4261-768x576.jpg 768w, https:\/\/www.vendee-camping-bellevue.com\/wp-content\/uploads\/2024\/11\/IMG_4261-500x375.jpg 500w, https:\/\/www.vendee-camping-bellevue.com\/wp-content\/uploads\/2024\/11\/IMG_4261-800x600.jpg 800w\" sizes=\"auto, (max-width: 1024px) 100vw, 1024px\" \/><\/noscript><img decoding=\"async\" width=\"1024\" height=\"768\" src=\"https:\/\/www.vendee-camping-bellevue.com\/wp-content\/uploads\/2024\/11\/IMG_4261.jpg\" class=\"wp-image-723 vp-lazyload\" alt=\"location vacances PMR vend\u00e9e\" srcset=\"data:image\/svg+xml;base64,PHN2ZyB3aWR0aD0iMTAyNCIgaGVpZ2h0PSI3NjgiIHZpZXdCb3g9IjAgMCAxMDI0IDc2OCIgZmlsbD0ibm9uZSIgeG1sbnM9Imh0dHA6Ly93d3cudzMub3JnLzIwMDAvc3ZnIj48L3N2Zz4=\" data-src=\"https:\/\/www.vendee-camping-bellevue.com\/wp-content\/uploads\/2024\/11\/IMG_4261.jpg\" data-srcset=\"https:\/\/www.vendee-camping-bellevue.com\/wp-content\/uploads\/2024\/11\/IMG_4261.jpg 1024w, https:\/\/www.vendee-camping-bellevue.com\/wp-content\/uploads\/2024\/11\/IMG_4261-300x225.jpg 300w, https:\/\/www.vendee-camping-bellevue.com\/wp-content\/uploads\/2024\/11\/IMG_4261-768x576.jpg 768w, https:\/\/www.vendee-camping-bellevue.com\/wp-content\/uploads\/2024\/11\/IMG_4261-500x375.jpg 500w, https:\/\/www.vendee-camping-bellevue.com\/wp-content\/uploads\/2024\/11\/IMG_4261-800x600.jpg 800w\" data-sizes=\"auto\" loading=\"eager\">\n\t\t<div class=\"vp-portfolio__item-overlay\">\n\t\t\t\t\t<\/div>\n\n\t\t<\/a>\t<\/div>\n<\/div>\n\n\t\t\t<\/figure>\n\t\t\t\t\t<\/div>\n\t\t\n<\/div>\n\n<div class=\"vp-portfolio__items-arrow vp-portfolio__items-arrow-prev\" tabindex=\"0\" role=\"button\" aria-label=\"Previous Slide\">\n\t\n<svg class=\"vp-svg-icon\" width=\"20\" height=\"20\" viewBox=\"0 0 20 20\" fill=\"none\" xmlns=\"http:\/\/www.w3.org\/2000\/svg\">\n\t<path d=\"M12 4L6 10L12 16\" stroke=\"currentColor\" stroke-width=\"1.5\" stroke-linecap=\"round\" stroke-linejoin=\"round\" fill=\"transparent\" \/>\n<\/svg>\n<\/div>\n<div class=\"vp-portfolio__items-arrow vp-portfolio__items-arrow-next\" tabindex=\"0\" role=\"button\" aria-label=\"Next Slide\">\n\t\n<svg class=\"vp-svg-icon\" width=\"20\" height=\"20\" viewBox=\"0 0 20 20\" fill=\"none\" xmlns=\"http:\/\/www.w3.org\/2000\/svg\">\n\t<path d=\"M8 4L14 10L8 16\" stroke=\"currentColor\" stroke-width=\"1.5\" stroke-linecap=\"round\" stroke-linejoin=\"round\" fill=\"transparent\" \/>\n<\/svg>\n<\/div>\n\n<div class=\"vp-portfolio__items-bullets\"><\/div>\n\t\t<\/div>\n\t\t\n<\/div>\n<\/div>\n\n\n<!DOCTYPE html>\n<html lang=\"fr\">\n<head>\n    <meta charset=\"UTF-8\">\n    <meta name=\"viewport\" content=\"width=device-width, initial-scale=1.0\">\n    <title>CTA R\u00e9servation Dynamique<\/title>\n    \n    <style>\n        \/* --- 1. Variables Globales pour la Palette --- *\/\n        :root {\n            --color-primary-dark: #EA5B0C; \/* Fond Bouton & Titre *\/\n            --color-primary-light: #F39200; \/* Surovol Bouton (Clair) *\/\n            --color-accent-strong: #F39200; \/* Orange (Disponible pour accentuation) *\/\n            --color-text-dark: #444;\n            --color-bg-light: #FFEA00;\n        }\n\n        \/* --- 2. Structure Conteneur --- *\/\n        .cta-reserver-premium {\n            width: 100%;\n            display: flex;\n            justify-content: center;\n            padding: 10px 10px;\n            background-color: transparent; \n            box-sizing: border-box;\n        }\n\n        .cta-wrapper-premium {\n            max-width: 650px;\n            background: #ffffff;\n            padding: 10px 10px;\n            border-radius: 22px; \n            box-shadow: 0 10px 35px rgba(0,0,0,0.07);\n            text-align: center;\n            border: 1px solid rgba(0,128,180,0.15);\n            box-sizing: border-box;\n        }\n\n        \/* --- 3. Typographie --- *\/\n        .cta-title-premium {\n            font-size: 1.8rem;\n            margin-bottom: 10px;\n            color: var(--color-primary-dark); \n            font-weight: 700;\n            font-family: 'Helvetica', 'Arial', sans-serif !important; \n        }\n\n        .cta-subtitle-premium {\n            font-size: 1.05rem;\n            color: var(--color-text-dark);\n            margin-bottom: 25px;\n            line-height: 1.5;\n            font-family: 'Helvetica', 'Arial', sans-serif !important;\n        }\n\n        \/* --- 4. Bouton d'Action Dynamique --- *\/\n        .cta-btn-premium {\n            display: inline-block;\n            padding: 10px 10px;\n            border-radius: 50px; \/* Forme de pilule *\/\n            font-size: 1.1rem;\n            font-weight: 600;\n            letter-spacing: 0.3px;\n            text-transform: none;\n            background: var(--color-primary-dark);\n            font-family: 'Helvetica', 'Arial', sans-serif !important;\/* Couleur principale: #0080B4 *\/\n            color: #fff;\n            text-decoration: none;\n            transition: all 0.3s ease; \n            box-shadow: 0 6px 18px rgba(0,128,180,0.25);\n            border: none;\n        }\n\n        \/* Hover : D\u00e9grad\u00e9 de la nouvelle palette avec effet de relief *\/\n        .cta-btn-premium:hover {\n            background: linear-gradient(135deg, var(--color-primary-dark), var(--color-primary-light)); \/* D\u00e9grad\u00e9 vers #34BDEF *\/\n            box-shadow: 0 8px 24px rgba(0,128,180,0.35);\n            transform: translateY(-2px);\n        }\n\n        \/* --- 5. Responsive Mobile --- *\/\n        @media (max-width: 600px) {\n            .cta-wrapper-premium {\n                padding: 25px 20px;\n            }\n            .cta-title-premium {\n                font-size: 1.45rem;\n            }\n            .cta-btn-premium {\n                width: 100%;\n                font-size: 1rem;\n                padding: 14px 0;\n            }\n        }\n    <\/style>\n<\/head>\n<body>\n\n    <div class=\"cta-reserver-premium\">\n        <div class=\"cta-wrapper-premium\">\n            <h3 class=\"cta-title-premium\">Envie de r\u00e9server votre s\u00e9jour ?<\/h3>\n            <p class=\"cta-subtitle-premium\">Profitez des meilleurs tarifs en r\u00e9servant directement en ligne.<\/p>\n\n            <a \n                href=\"https:\/\/thelisresa.webcamp.fr\/formulaire.php?camping=domainedebellevue&#038;begin=2025-04-04&#038;end=2025-04-11&#038;type=2&#038;travelers=2&#038;nb_pers=2&#038;duration=7\" \n                class=\"cta-btn-premium\"\n                target=\"_blank\"\n                rel=\"noopener\"\n            >\n                R\u00e9server maintenant\n            <\/a>\n        <\/div>\n    <\/div>\n    <\/body>\n<\/html>\n\n<\/div><\/div><\/div>\n<\/div><\/div>\n\n\n\n<div class=\"wp-block-stackable-columns stk-block-columns stk-block stk-4f6ce07 stk-block-background\" data-block-id=\"4f6ce07\"><style>.stk-4f6ce07 {background-color:#f5e4db !important;border-top-left-radius:50px !important;border-top-right-radius:50px !important;border-bottom-right-radius:50px !important;border-bottom-left-radius:50px !important;overflow:hidden !important;box-shadow:2px 2px 10px 0px #00000075 !important;padding-top:10px !important;padding-right:40px !important;padding-bottom:10px !important;padding-left:0px !important;margin-right:50px !important;margin-left:50px !important;}.stk-4f6ce07:before{background-color:#f5e4db !important;}@media screen and (max-width: 767px){.stk-4f6ce07 {padding-right:10px !important;padding-left:10px !important;margin-right:0px !important;margin-left:0px !important;}}<\/style><div class=\"stk-row stk-inner-blocks stk-block-content stk-content-align stk-4f6ce07-column\">\n<div class=\"wp-block-stackable-column stk-block-column stk-column stk-block stk-39d2aa4\" data-v=\"4\" data-block-id=\"39d2aa4\"><div class=\"stk-column-wrapper stk-block-column__content stk-container stk-39d2aa4-container stk--no-background stk--no-padding\"><div class=\"stk-block-content stk-inner-blocks stk-39d2aa4-inner-blocks\">\n<div class=\"wp-block-stackable-columns stk-block-columns stk-block stk-7e39e70\" data-block-id=\"7e39e70\"><div class=\"stk-row stk-inner-blocks stk-block-content stk-content-align stk-7e39e70-column\">\n<div class=\"wp-block-stackable-column stk-block-column stk-column stk-block stk-a539536\" data-v=\"4\" data-block-id=\"a539536\"><style>@media screen and (min-width: 768px){.stk-a539536 {flex:var(--stk-flex-grow, 1) 1 calc(25% - var(--stk-column-gap, 0px) * 1 \/ 2 ) !important;}}<\/style><div class=\"stk-column-wrapper stk-block-column__content stk-container stk-a539536-container stk--no-background stk--no-padding\"><div class=\"stk-block-content stk-inner-blocks stk-a539536-inner-blocks\">\n<div class=\"wp-block-stackable-image stk-block-image stk-block stk-ac54f96\" data-block-id=\"ac54f96\"><style>.stk-ac54f96 .stk-img-wrapper{width:100px !important;}<\/style><figure><span class=\"stk-img-wrapper stk-image--shape-stretch\"><img loading=\"lazy\" decoding=\"async\" class=\"stk-img wp-image-401\" src=\"https:\/\/www.vendee-camping-bellevue.com\/wp-content\/uploads\/2024\/11\/GOUTTE.png\" width=\"337\" height=\"290\" alt=\"camping en Vend\u00e9e\" srcset=\"https:\/\/www.vendee-camping-bellevue.com\/wp-content\/uploads\/2024\/11\/GOUTTE.png 337w, https:\/\/www.vendee-camping-bellevue.com\/wp-content\/uploads\/2024\/11\/GOUTTE-300x258.png 300w\" sizes=\"auto, (max-width: 337px) 100vw, 337px\" \/><\/span><\/figure><\/div>\n<\/div><\/div><\/div>\n\n\n\n<div class=\"wp-block-stackable-column stk-block-column stk-column stk-block stk-29cb2d9\" data-v=\"4\" data-block-id=\"29cb2d9\"><style>@media screen and (min-width: 768px){.stk-29cb2d9 {flex:var(--stk-flex-grow, 1) 1 calc(75% - var(--stk-column-gap, 0px) * 1 \/ 2 ) !important;}}<\/style><div class=\"stk-column-wrapper stk-block-column__content stk-container stk-29cb2d9-container stk--no-background stk--no-padding\"><div class=\"stk-block-content stk-inner-blocks stk-29cb2d9-inner-blocks\">\n<div class=\"wp-block-stackable-text stk-block-text stk-block stk-cc45a14\" data-block-id=\"cc45a14\"><style>.stk-cc45a14 {margin-bottom:0px !important;}<\/style><p class=\"stk-block-text__text\"><strong>Le point fort de cet h\u00e9bergement :<\/strong><\/p><\/div>\n\n\n\n<p data-block-type=\"core\">Ce&nbsp;<strong>mobil-home accessible<\/strong>&nbsp;est con\u00e7u pour&nbsp;<strong>faciliter l&rsquo;acc\u00e8s aux personnes \u00e0 mobilit\u00e9 r\u00e9duite<\/strong>, avec une&nbsp;<strong>accessibilit\u00e9 en fauteuil roulant<\/strong>. Profitez \u00e9galement de la&nbsp;<strong>t\u00e9l\u00e9vision incluse<\/strong>&nbsp;et d\u2019une&nbsp;<strong>grande terrasse couverte<\/strong>&nbsp;pour des moments de d\u00e9tente en plein air. Un choix id\u00e9al pour un s\u00e9jour confortable et pratique.<\/p>\n<\/div><\/div><\/div>\n<\/div><\/div>\n<\/div><\/div><\/div>\n<\/div><\/div>\n\n\n\n<div class=\"wp-block-stackable-button-group stk-block-button-group stk-block stk-1c30bc3\" data-block-id=\"1c30bc3\"><div class=\"stk-row stk-inner-blocks has-text-align-center stk-block-content stk-button-group\">\n<div class=\"wp-block-stackable-button stk-block-button stk-block stk-81dfd0f\" data-block-id=\"81dfd0f\"><style>.stk-81dfd0f .stk-button{background:var(--stk-global-color-53542, #d4591c) !important;border-top-left-radius:50px !important;border-top-right-radius:50px !important;border-bottom-right-radius:50px !important;border-bottom-left-radius:50px !important;}.stk-81dfd0f .stk-button .stk--inner-svg svg:last-child{height:15px !important;width:15px !important;}.stk-81dfd0f .stk-button__inner-text{font-size:0.8em !important;}@media screen and (max-width: 1023px){.stk-81dfd0f .stk-button__inner-text{font-size:0.8em !important;}}<\/style><a class=\"stk-link stk-button stk--hover-effect-darken\" href=\"https:\/\/www.vendee-camping-bellevue.com\/wp-content\/uploads\/2025\/12\/Inventaire-Gamme-CONFORT-PMR-accessible-2-ch-6-PERS-.pdf\" target=\"_blank\" rel=\"noreferrer noopener\"><span class=\"stk--svg-wrapper\"><div class=\"stk--inner-svg\"><svg xmlns=\"http:\/\/www.w3.org\/2000\/svg\" viewBox=\"0 0 512 512\" aria-hidden=\"true\" width=\"32\" height=\"32\"><path d=\"M320 0c-17.7 0-32 14.3-32 32s14.3 32 32 32h82.7L201.4 265.4c-12.5 12.5-12.5 32.8 0 45.3s32.8 12.5 45.3 0L448 109.3V192c0 17.7 14.3 32 32 32s32-14.3 32-32V32c0-17.7-14.3-32-32-32H320zM80 32C35.8 32 0 67.8 0 112V432c0 44.2 35.8 80 80 80H400c44.2 0 80-35.8 80-80V320c0-17.7-14.3-32-32-32s-32 14.3-32 32V432c0 8.8-7.2 16-16 16H80c-8.8 0-16-7.2-16-16V112c0-8.8 7.2-16 16-16H192c17.7 0 32-14.3 32-32s-14.3-32-32-32H80z\"><\/path><\/svg><\/div><\/span><span class=\"stk-button__inner-text\">Inventaire <\/span><\/a><\/div>\n\n\n\n<div class=\"wp-block-stackable-button stk-block-button stk-block stk-a87d06d\" data-block-id=\"a87d06d\"><style>.stk-a87d06d .stk-button{background:var(--stk-global-color-53542, #d4591c) !important;border-top-left-radius:50px !important;border-top-right-radius:50px !important;border-bottom-right-radius:50px !important;border-bottom-left-radius:50px !important;}.stk-a87d06d .stk-button .stk--inner-svg svg:last-child{height:15px !important;width:15px !important;}.stk-a87d06d .stk-button__inner-text{font-size:0.8em !important;}@media screen and (max-width: 1023px){.stk-a87d06d .stk-button__inner-text{font-size:0.8em !important;}}<\/style><a class=\"stk-link stk-button stk--hover-effect-darken\" href=\"#photos\"><span class=\"stk--svg-wrapper\"><div class=\"stk--inner-svg\"><svg xmlns=\"http:\/\/www.w3.org\/2000\/svg\" viewBox=\"0 0 512 512\" aria-hidden=\"true\" width=\"32\" height=\"32\"><path d=\"M448 80c8.8 0 16 7.2 16 16V415.8l-5-6.5-136-176c-4.5-5.9-11.6-9.3-19-9.3s-14.4 3.4-19 9.3L202 340.7l-30.5-42.7C167 291.7 159.8 288 152 288s-15 3.7-19.5 10.1l-80 112L48 416.3l0-.3V96c0-8.8 7.2-16 16-16H448zM64 32C28.7 32 0 60.7 0 96V416c0 35.3 28.7 64 64 64H448c35.3 0 64-28.7 64-64V96c0-35.3-28.7-64-64-64H64zm80 192a48 48 0 1 0 0-96 48 48 0 1 0 0 96z\"><\/path><\/svg><\/div><\/span><span class=\"stk-button__inner-text\">Voir les photos de l&rsquo;h\u00e9bergement<\/span><\/a><\/div>\n<\/div><\/div>\n<\/div><\/div><\/div>\n\n\n\n<div class=\"wp-block-stackable-column stk-block-column stk-column stk-block stk-2503424\" data-v=\"4\" data-block-id=\"2503424\"><style>.stk-2503424 {align-self:flex-start !important;margin-right:85px !important;}.stk-2503424-inner-blocks{justify-content:flex-start !important;}@media screen and (max-width: 767px){.stk-2503424 {margin-right:0px !important;margin-left:20px !important;}}<\/style><div class=\"stk-column-wrapper stk-block-column__content stk-container stk-2503424-container stk--no-background stk--no-padding\"><div class=\"stk--column-flex stk-block-content stk-inner-blocks stk-2503424-inner-blocks\">\n<div class=\"wp-block-stackable-columns stk-block-columns stk-block stk-ed3da72\" data-block-id=\"ed3da72\"><style>.stk-ed3da72 {align-items:center !important;display:flex !important;}<\/style><div class=\"stk-row stk-inner-blocks stk-block-content stk-content-align stk-ed3da72-column\">\n<div class=\"wp-block-stackable-column stk-block-column stk-column stk-block stk-cf3bc2e\" data-v=\"4\" data-block-id=\"cf3bc2e\"><div class=\"stk-column-wrapper stk-block-column__content stk-container stk-cf3bc2e-container stk--no-background stk--no-padding\"><div class=\"stk-block-content stk-inner-blocks stk-cf3bc2e-inner-blocks\">\n<div class=\"wp-block-stackable-heading stk-block-heading stk-block-heading--v2 stk-block stk-cb7f1cb\" id=\"confort-et-accessibilite-pour-toute-la-famille\" data-block-id=\"cb7f1cb\"><h2 class=\"stk-block-heading__text\">Confort et accessibilit\u00e9 pour toute la famille<\/h2><\/div>\n\n\n\n<div class=\"wp-block-stackable-text stk-block-text stk-block stk-53c33ac\" data-block-id=\"53c33ac\"><p class=\"stk-block-text__text\">Le <strong>mobil-home Gamme PMR<\/strong> est con\u00e7u pour accueillir <strong>jusqu\u2019\u00e0 6 personnes<\/strong> dans un espace de <strong>30 m\u00b2<\/strong>, id\u00e9al pour <strong>2 adultes et 4 enfants<\/strong>. Il comprend :<\/p><\/div>\n\n\n\n<ul class=\"wp-block-list\" data-block-type=\"core\">\n<li data-block-type=\"core\"><strong>1 chambre parentale<\/strong> avec lit double 160&#215;190,<\/li>\n\n\n\n<li data-block-type=\"core\"><strong>1 chambre avec lits superpos\u00e9s 70&#215;180<\/strong> pour les enfants,<\/li>\n\n\n\n<li data-block-type=\"core\"><strong>un salon convertible<\/strong> pour 2 personnes.<\/li>\n<\/ul>\n\n\n\n<div class=\"wp-block-stackable-text stk-block-text stk-block stk-dce521e\" data-block-id=\"dce521e\"><p class=\"stk-block-text__text\">Les oreillers sont fournis (pr\u00e9voir vos couvertures).<\/p><\/div>\n\n\n\n<div class=\"wp-block-stackable-heading stk-block-heading stk-block-heading--v2 stk-block stk-78b190c\" id=\"un-interieur-pratique-et-entierement-equipe\" data-block-id=\"78b190c\"><h3 class=\"stk-block-heading__text\">Un int\u00e9rieur pratique et enti\u00e8rement \u00e9quip\u00e9<\/h3><\/div>\n\n\n\n<div class=\"wp-block-stackable-text stk-block-text stk-block stk-fc05685\" data-block-id=\"fc05685\"><p class=\"stk-block-text__text\">La <strong>cuisine compl\u00e8te<\/strong> permet de pr\u00e9parer vos repas en toute autonomie et inclut :<\/p><\/div>\n\n\n\n<ul class=\"wp-block-list\" data-block-type=\"core\">\n<li data-block-type=\"core\">grand r\u00e9frig\u00e9rateur,<\/li>\n\n\n\n<li data-block-type=\"core\">micro-ondes,<\/li>\n\n\n\n<li data-block-type=\"core\">plaques \u00e0 gaz,<\/li>\n\n\n\n<li data-block-type=\"core\">vaisselle pour 6 personnes.<\/li>\n<\/ul>\n\n\n\n<div class=\"wp-block-stackable-text stk-block-text stk-block stk-d0ac93c\" data-block-id=\"d0ac93c\"><p class=\"stk-block-text__text\">La <strong>salle d\u2019eau avec douche et WC<\/strong> est adapt\u00e9e pour un acc\u00e8s facilit\u00e9, et chaque pi\u00e8ce est \u00e9quip\u00e9e de <strong>convecteurs \u00e9lectriques<\/strong>. Une <strong>t\u00e9l\u00e9vision<\/strong> est \u00e9galement incluse pour des moments de d\u00e9tente.<\/p><\/div>\n\n\n\n<div class=\"wp-block-stackable-heading stk-block-heading stk-block-heading--v2 stk-block stk-4e958fb\" id=\"terrasse-couverte-et-acces-exterieur-simplifie\" data-block-id=\"4e958fb\"><h3 class=\"stk-block-heading__text\">Terrasse couverte et acc\u00e8s ext\u00e9rieur simplifi\u00e9<\/h3><\/div>\n\n\n\n<div class=\"wp-block-stackable-text stk-block-text stk-block stk-be0805f\" data-block-id=\"be0805f\"><p class=\"stk-block-text__text\">Profitez pleinement de l\u2019ext\u00e9rieur gr\u00e2ce \u00e0 la <strong>grande terrasse couverte<\/strong>, accessible et am\u00e9nag\u00e9e avec :<\/p><\/div>\n\n\n\n<ul class=\"wp-block-list\" data-block-type=\"core\">\n<li data-block-type=\"core\">table de jardin,<\/li>\n\n\n\n<li data-block-type=\"core\">chaises, pour vos repas ou moments de relaxation en plein air.<\/li>\n<\/ul>\n\n\n\n<div class=\"wp-block-stackable-heading stk-block-heading stk-block-heading--v2 stk-block stk-0635537\" id=\"lhebergement-ideal-pour-des-vacances-accessibles-et-confortables\" data-block-id=\"0635537\"><h3 class=\"stk-block-heading__text\">L\u2019h\u00e9bergement id\u00e9al pour des vacances accessibles et confortables<\/h3><\/div>\n\n\n\n<div class=\"wp-block-stackable-text stk-block-text stk-block stk-597f83a\" data-block-id=\"597f83a\"><p class=\"stk-block-text__text\">Situ\u00e9 \u00e0 proximit\u00e9 des infrastructures du camping, ce mobil-home <strong>allie confort, praticit\u00e9 et accessibilit\u00e9<\/strong>, offrant un s\u00e9jour agr\u00e9able pour toute la famille dans un cadre naturel et convivial.<\/p><\/div>\n<\/div><\/div><\/div>\n<\/div><\/div>\n<\/div><\/div><\/div>\n<\/div><\/div>\n\n\n\n<div class=\"wp-block-stackable-heading stk-block-heading stk-block-heading--v2 stk-block stk-5dc6cb6\" id=\"disponibilites-amp-reservation\" data-block-id=\"5dc6cb6\"><h2 class=\"stk-block-heading__text has-text-align-center\">Disponibilit\u00e9s &amp; r\u00e9servation<\/h2><\/div>\n\n\n\n<div class=\"wp-block-stackable-columns alignwide stk-block-columns stk-block stk-9320588\" data-block-id=\"9320588\"><div class=\"stk-row stk-inner-blocks stk-block-content stk-content-align stk-9320588-column alignwide\">\n<div class=\"wp-block-stackable-column stk-block-column stk-column stk-block stk-bb8bd55\" data-v=\"4\" data-block-id=\"bb8bd55\"><div class=\"stk-column-wrapper stk-block-column__content stk-container stk-bb8bd55-container stk--no-background stk--no-padding\"><div class=\"stk-block-content stk-inner-blocks stk-bb8bd55-inner-blocks\">\n<thr-simpleblock categories=\"[11]\" show-picture=\"true\" search-type=\"1\"><\/thr-simpleblock>\n<\/div><\/div><\/div>\n<\/div><\/div>\n","protected":false},"featured_media":27534,"template":"","meta":{"_acf_changed":true,"_seopress_robots_primary_cat":"","_seopress_titles_title":"Mobil-Home Accessible PMR 2 Chambres \u2013 6 Pers","_seopress_titles_desc":"S\u00e9journez dans un mobil-home Accessible PMR 2 chambres pour 6 personnes au Camping Paradis Domaine de Bellevue. H\u00e9bergement spacieux","_seopress_robots_index":"","_vp_format_video_url":"","_vp_image_focal_point":[]},"gamme":[7],"class_list":["post-720","hebergement","type-hebergement","status-publish","has-post-thumbnail","hentry","gamme-mobil-homes"],"acf":[],"_links":{"self":[{"href":"https:\/\/www.vendee-camping-bellevue.com\/nl\/wp-json\/wp\/v2\/hebergement\/720","targetHints":{"allow":["GET"]}}],"collection":[{"href":"https:\/\/www.vendee-camping-bellevue.com\/nl\/wp-json\/wp\/v2\/hebergement"}],"about":[{"href":"https:\/\/www.vendee-camping-bellevue.com\/nl\/wp-json\/wp\/v2\/types\/hebergement"}],"wp:featuredmedia":[{"embeddable":true,"href":"https:\/\/www.vendee-camping-bellevue.com\/nl\/wp-json\/wp\/v2\/media\/27534"}],"wp:attachment":[{"href":"https:\/\/www.vendee-camping-bellevue.com\/nl\/wp-json\/wp\/v2\/media?parent=720"}],"wp:term":[{"taxonomy":"gamme","embeddable":true,"href":"https:\/\/www.vendee-camping-bellevue.com\/nl\/wp-json\/wp\/v2\/gamme?post=720"}],"curies":[{"name":"wp","href":"https:\/\/api.w.org\/{rel}","templated":true}]}}